{"id":2763,"date":"2016-06-15T09:50:49","date_gmt":"2016-06-15T07:50:49","guid":{"rendered":"http:\/\/localhost:8888\/wordpress\/?page_id=2763"},"modified":"2026-04-09T17:22:59","modified_gmt":"2026-04-09T15:22:59","slug":"2026-register-early-bird","status":"publish","type":"page","link":"https:\/\/icnm.eu\/fr\/2026-register-early-bird\/","title":{"rendered":"2026 REGISTER NOW"},"content":{"rendered":"\n<div style=\"background-color:#0b0b0b;padding-left:5%;padding-right:5%;padding-bottom:22%;padding-top:22%\" class=\"wp-block-genesis-blocks-gb-container gb-layout-hero-1 gb-block-container alignfull\"><div class=\"gb-container-inside\"><div class=\"gb-container-image-wrap\"><img decoding=\"async\" class=\"gb-container-image has-background-dim-80 has-background-dim\" src=\"https:\/\/icnm.eu\/wp-content\/uploads\/2016\/06\/8384D378-C93E-42B6-BFD8-C3E80E40D82F-1.png\" alt=\"\"\/><\/div><div class=\"gb-container-content\" style=\"max-width:850px\">\n<h1 class=\"wp-block-heading has-text-align-center has-white-color has-text-color has-link-color has-xxlarge-font-size wp-elements-41d7dca19187e5980bea6286a01f5a90\"><br><a href=\"https:\/\/icnm2024.aoscongres.com\/registration!fr\" target=\"_blank\" rel=\"noreferrer noopener\">La m\u00e9decine de demain<\/a> sera<br>int\u00e9grative et pr\u00e9ventive<\/h1>\n\n\n\n<p class=\"has-text-align-left\"><br><\/p>\n\n\n\n<p class=\"has-text-align-left\"><br><\/p>\n<\/div><\/div><\/div>\n\n\n\n<figure class=\"wp-block-pullquote has-black-color has-text-color has-link-color has-small-font-size wp-elements-25b359083a1a91e6912a586f1135a30a\"><blockquote><p><strong>\u00ab\u00a0ICNM est la plateforme mondiale pour l&rsquo;\u00e9ducation et le networking\u00a0\u00bb<\/strong><\/p><cite><strong>&#8211;&nbsp;OMNES France<\/strong><\/cite><\/blockquote><\/figure>\n\n\n\n<p class=\"has-theme-palette-6-color has-text-color has-link-color wp-elements-eaf38db88d21f5d60f353d6eb23114c4\" style=\"line-height:1.2\">10e Congr\u00e8s Mondial ICNM 2026, Paris du 10-11 juillet 2026<br>LIEU: H\u00f4tel Plaza R\u00e9publique****, <br>Place de la R\u00e9publique Paris 75011<br>R\u00e9servation de chambre, avec code promo, <br>est disponible sur votre email confirmation d&rsquo;inscription.<br>Langue : Anglais, traduction simultan\u00e9e en Fran\u00e7ais.<\/p>\n\n\n\n<div class=\"wp-block-genesis-blocks-gb-columns gb-slate-section-text-with-cta gb-slate-text-with-cta gb-layout-columns-1 gb-1-col-equal gb-has-background-dim gb-has-background-dim-30 gb-has-custom-background-color gb-has-custom-text-color gb-columns-center alignfull\" style=\"padding:1em;background-color:#112e17;color:#f5f5f5;background-position:50% 52%\"><div class=\"gb-layout-column-wrap gb-block-layout-column-gap-3 gb-is-responsive-column\" style=\"max-width:872px\">\n<div class=\"wp-block-genesis-blocks-gb-column gb-block-layout-column\"><div class=\"gb-block-layout-column-inner gb-has-custom-background-color\" style=\"background-color:#112e17\">\n<h2 class=\"wp-block-heading has-text-align-center has-text-color\" style=\"color:#f5f5f5;font-size:40px\">R\u00e9server votre place<\/h2>\n<\/div><\/div>\n<\/div><\/div>\n\n\n\n<div class=\"wp-block-columns alignwide has-background is-layout-flex wp-container-core-columns-is-layout-829b1d53 wp-block-columns-is-layout-flex\" style=\"background-color:#112e17;margin-bottom:0\">\n<div class=\"wp-block-column has-theme-palette-9-background-color has-text-color has-background has-link-color wp-elements-d7b143b2a3deb6570d15f3f3cc3aefc4 is-layout-flow wp-block-column-is-layout-flow\" style=\"color:#000000;padding-top:2em;padding-right:2em;padding-bottom:2em;padding-left:2em\">\n<h2 class=\"wp-block-heading has-text-align-center has-medium-font-size\"><strong>Formation Continue\/\u00c9tudiant<\/strong><br><strong>ACC\u00c8S AU <\/strong><br><strong>PROGRAMME INT\u00c9GRAL<\/strong><\/h2>\n\n\n\n<p class=\"has-text-align-center has-large-font-size\"><br>295\u20ac<\/p>\n\n\n\n<ul class=\"wp-block-list\">\n<li class=\"has-medium-font-size\">30 Conf\u00e9rences d&rsquo;Experts<\/li>\n\n\n\n<li class=\"has-medium-font-size\">Salon International<\/li>\n\n\n\n<li class=\"has-medium-font-size\">Acc\u00e8s au Congr\u00e8s Int\u00e9gral<\/li>\n\n\n\n<li class=\"has-medium-font-size\">Networking, Pauses<\/li>\n\n\n\n<li class=\"has-medium-font-size\">Accr\u00e9ditation CE + Attestation<\/li>\n\n\n\n<li class=\"has-medium-font-size\">Traduction Simultan\u00e9e EN-FR<br><\/li>\n<\/ul>\n\n\n\n<div class=\"wp-block-buttons is-horizontal is-content-justification-center is-layout-flex wp-container-core-buttons-is-layout-499968f5 wp-block-buttons-is-layout-flex\">\n<div class=\"wp-block-button has-custom-width wp-block-button__width-100 is-style-fill\"><a class=\"wp-block-button__link has-theme-palette-9-color has-text-color has-background wp-element-button\" href=\"https:\/\/icnm2026.aoscongres.com\/\" style=\"border-radius:5px;background-color:#112e17\">S&rsquo;inscrire ici<\/a><\/div>\n<\/div>\n<\/div>\n\n\n\n<div class=\"wp-block-column has-theme-palette-9-background-color has-text-color has-background has-link-color wp-elements-3e18febef67fcf4efec320a313f997d6 is-layout-flow wp-block-column-is-layout-flow\" style=\"color:#000000;padding-top:2em;padding-right:2em;padding-bottom:2em;padding-left:2em\">\n<h2 class=\"wp-block-heading has-text-align-center has-medium-font-size\"><strong>Pass Partenaire<\/strong><br><strong><strong>ACC\u00c8S AU <\/strong><\/strong><br><strong>PROGRAMME INT\u00c9GRAL<\/strong><br><em>10e Anniversaire offre 2 pour 1<br>contact: nathalie@icnm.eu<\/em><\/h2>\n\n\n\n<p class=\"has-text-align-center has-large-font-size\">395\u20ac<\/p>\n\n\n\n<ul class=\"wp-block-list has-normal-font-size\">\n<li class=\"has-medium-font-size\">30 Conf\u00e9rences d&rsquo;Experts<\/li>\n\n\n\n<li class=\"has-medium-font-size\">Salon International<\/li>\n\n\n\n<li class=\"has-medium-font-size\">Acc\u00e8s au Congr\u00e8s Int\u00e9gral<\/li>\n\n\n\n<li class=\"has-medium-font-size\">Networking, Pauses<\/li>\n\n\n\n<li class=\"has-medium-font-size\">Accr\u00e9ditation CE + Attestation<\/li>\n\n\n\n<li class=\"has-medium-font-size\">Traduction Simultan\u00e9e EN-FR<br><\/li>\n<\/ul>\n\n\n\n<div class=\"wp-block-buttons is-horizontal is-content-justification-center is-layout-flex wp-container-core-buttons-is-layout-499968f5 wp-block-buttons-is-layout-flex\">\n<div class=\"wp-block-button has-custom-width wp-block-button__width-100 is-style-fill\"><a class=\"wp-block-button__link has-theme-palette-9-color has-text-color has-background wp-element-button\" href=\"https:\/\/icnm2026.aoscongres.com\/\" style=\"border-radius:5px;background-color:#112e17\">S&rsquo;inscrire ici<\/a><\/div>\n<\/div>\n<\/div>\n\n\n\n<div class=\"wp-block-column has-theme-palette-9-background-color has-text-color has-background has-link-color wp-elements-532d17c99b356078bccaad9acf2e13c9 is-layout-flow wp-block-column-is-layout-flow\" style=\"color:#000000;padding-top:2em;padding-right:2em;padding-bottom:2em;padding-left:2em\">\n<h2 class=\"wp-block-heading has-text-align-center has-medium-font-size\"><strong>Pass Professionnel<\/strong><br><strong><strong>ACC\u00c8S AU <\/strong><\/strong><br><strong>PROGRAMME INT\u00c9GRAL<\/strong><br><em>10e Anniversaire offre 2 pour 1<br>contact: nathalie@icnm.eu<\/em><\/h2>\n\n\n\n<p class=\"has-text-align-center has-large-font-size\">495\u20ac<\/p>\n\n\n\n<ul class=\"wp-block-list has-normal-font-size\">\n<li class=\"has-medium-font-size\">30 Conf\u00e9rences d&rsquo;Experts<\/li>\n\n\n\n<li class=\"has-medium-font-size\">Salon International<\/li>\n\n\n\n<li class=\"has-medium-font-size\">Acc\u00e8s au Congr\u00e8s Int\u00e9gral<\/li>\n\n\n\n<li class=\"has-medium-font-size\">Networking, Pauses<\/li>\n\n\n\n<li class=\"has-medium-font-size\">Accr\u00e9ditation CE + Attestation<\/li>\n\n\n\n<li class=\"has-medium-font-size\">Traduction Simultan\u00e9e EN-FR<br><\/li>\n<\/ul>\n\n\n\n<div class=\"wp-block-buttons is-horizontal is-content-justification-center is-layout-flex wp-container-core-buttons-is-layout-499968f5 wp-block-buttons-is-layout-flex\">\n<div class=\"wp-block-button has-custom-width wp-block-button__width-100 is-style-fill\"><a class=\"wp-block-button__link has-theme-palette-9-color has-text-color has-background wp-element-button\" href=\"https:\/\/icnm2026.aoscongres.com\/\" style=\"border-radius:5px;background-color:#112e17\">S&rsquo;inscrire ici<\/a><\/div>\n<\/div>\n<\/div>\n<\/div>\n\n\n\n<div class=\"wp-block-genesis-blocks-gb-columns gb-slate-section-text-with-cta gb-slate-text-with-cta gb-layout-columns-1 gb-1-col-equal gb-has-background-dim gb-has-background-dim-30 gb-background-cover gb-background-no-repeat gb-has-custom-background-color gb-has-custom-text-color gb-columns-center alignfull\" style=\"padding-top:9em;padding-right:1em;padding-bottom:9em;padding-left:1em;background-color:#1f1f1f;color:#f5f5f5;background-image:url(https:\/\/icnmv2prod.wpenginepowered.com\/wp-content\/uploads\/2016\/06\/910711DA-0164-4157-B580-70813BAB3733.png);background-position:50% 52%\"><div class=\"gb-layout-column-wrap gb-block-layout-column-gap-3 gb-is-responsive-column\" style=\"max-width:872px\">\n<div class=\"wp-block-genesis-blocks-gb-column gb-block-layout-column\"><div class=\"gb-block-layout-column-inner\">\n<h1 class=\"wp-block-heading has-text-align-center has-theme-palette-9-color has-text-color\" style=\"font-size:40px\"><br>10e Anniversaire ICNM <br>Conf\u00e9rence + Expo Internationale 2026<\/h1>\n\n\n\n<div class=\"wp-block-buttons is-horizontal is-content-justification-center is-layout-flex wp-container-core-buttons-is-layout-499968f5 wp-block-buttons-is-layout-flex\">\n<div class=\"wp-block-button is-style-fill\"><a class=\"wp-block-button__link has-text-color has-background wp-element-button\" href=\"https:\/\/icnm2026.aoscongres.com\/\" style=\"border-radius:4px;color:#ffffff;background-color:#112e17\">S&rsquo;inscrire <\/a><\/div>\n<\/div>\n<\/div><\/div>\n<\/div><\/div>\n","protected":false},"excerpt":{"rendered":"<p>\u00ab\u00a0ICNM est la plateforme mondiale pour l&rsquo;\u00e9ducation et le networking\u00a0\u00bb &#8211;&nbsp;OMNES France 10e Congr\u00e8s Mondial ICNM 2026, Paris du 10-11 juillet 2026LIEU: H\u00f4tel Plaza R\u00e9publique****, Place de la R\u00e9publique Paris 75011R\u00e9servation de chambre, avec code promo, est disponible sur votre email confirmation d&rsquo;inscription.Langue : Anglais, traduction simultan\u00e9e en Fran\u00e7ais. Formation Continue\/\u00c9tudiantACC\u00c8S AU PROGRAMME INT\u00c9GRAL 295\u20ac&#8230;<\/p>\n","protected":false},"author":7,"featured_media":0,"parent":0,"menu_order":0,"comment_status":"closed","ping_status":"closed","template":"","meta":{"_kad_post_transparent":"","_kad_post_title":"","_kad_post_layout":"","_kad_post_sidebar_id":"","_kad_post_content_style":"","_kad_post_vertical_padding":"","_kad_post_feature":"","_kad_post_feature_position":"","_kad_post_header":false,"_kad_post_footer":false,"footnotes":""},"class_list":["post-2763","page","type-page","status-publish","hentry"],"yoast_head":"<!-- This site is optimized with the Yoast SEO plugin v24.5 - https:\/\/yoast.com\/wordpress\/plugins\/seo\/ -->\n<title>ICNM World Congress 2026 - ICNM World Congress 2026 - Integrative &amp; Naturopathic Medicine Conference + Expo. Paris July 10-11[:]<\/title>\n<meta name=\"description\" content=\"10th ICNM World Congress 2026 - Integrative &amp; Naturopathic Medicine Conference + Expo. Paris July 10-11. Restoring Health Naturally, Join Us!\" \/>\n<meta name=\"robots\" content=\"index, follow, max-snippet:-1, max-image-preview:large, max-video-preview:-1\" \/>\n<link rel=\"canonical\" href=\"https:\/\/icnm.eu\/fr\/2026-register-early-bird\/\" \/>\n<meta property=\"og:locale\" content=\"fr_FR\" \/>\n<meta property=\"og:locale:alternate\" content=\"en_US\" \/>\n<meta property=\"og:type\" content=\"article\" \/>\n<meta property=\"og:title\" content=\"ICNM World Congress 2026 - Integrative &amp; Naturopathic Medicine Conference + Expo. Paris July 10-11\" \/>\n<meta property=\"og:description\" content=\"10th ICNM World Congress 2026 - Integrative &amp; Naturopathic Medicine Conference + Expo. Paris July 10-11. Restoring Health Naturally, Join Us!\" \/>\n<meta property=\"og:url\" content=\"https:\/\/icnm.eu\/fr\/2026-register-early-bird\/\" \/>\n<meta property=\"og:site_name\" content=\"10th ICNM WORLD CONGRESS 2026\" \/>\n<meta property=\"article:publisher\" content=\"https:\/\/www.facebook.com\/icnmnaturopathy.eu\/\" \/>\n<meta property=\"article:modified_time\" content=\"2026-04-09T15:22:59+00:00\" \/>\n<meta property=\"og:image\" content=\"https:\/\/icnm.eu\/wp-content\/uploads\/2016\/06\/8384D378-C93E-42B6-BFD8-C3E80E40D82F-1.png\" \/>\n<meta name=\"twitter:card\" content=\"summary_large_image\" \/>\n<meta name=\"twitter:label1\" content=\"Est. reading time\" \/>\n\t<meta name=\"twitter:data1\" content=\"1 minute\" \/>\n<script type=\"application\/ld+json\" class=\"yoast-schema-graph\">{\"@context\":\"https:\/\/schema.org\",\"@graph\":[{\"@type\":\"WebPage\",\"@id\":\"https:\/\/icnm.eu\/fr\/2026-register-early-bird\/\",\"url\":\"https:\/\/icnm.eu\/fr\/2026-register-early-bird\/\",\"name\":\"ICNM World Congress 2026 - Integrative & Naturopathic Medicine Conference + Expo. Paris July 10-11\",\"isPartOf\":{\"@id\":\"https:\/\/icnm.eu\/#website\"},\"primaryImageOfPage\":{\"@id\":\"https:\/\/icnm.eu\/fr\/2026-register-early-bird\/#primaryimage\"},\"image\":{\"@id\":\"https:\/\/icnm.eu\/fr\/2026-register-early-bird\/#primaryimage\"},\"thumbnailUrl\":\"https:\/\/icnm.eu\/wp-content\/uploads\/2016\/06\/8384D378-C93E-42B6-BFD8-C3E80E40D82F-1.png\",\"datePublished\":\"2016-06-15T07:50:49+00:00\",\"dateModified\":\"2026-04-09T15:22:59+00:00\",\"description\":\"10th ICNM World Congress 2026 - Integrative & Naturopathic Medicine Conference + Expo. Paris July 10-11. Restoring Health Naturally, Join Us!\",\"breadcrumb\":{\"@id\":\"https:\/\/icnm.eu\/fr\/2026-register-early-bird\/#breadcrumb\"},\"inLanguage\":\"fr-FR\",\"potentialAction\":[{\"@type\":\"ReadAction\",\"target\":[\"https:\/\/icnm.eu\/fr\/2026-register-early-bird\/\"]}]},{\"@type\":\"ImageObject\",\"inLanguage\":\"fr-FR\",\"@id\":\"https:\/\/icnm.eu\/fr\/2026-register-early-bird\/#primaryimage\",\"url\":\"https:\/\/icnm.eu\/wp-content\/uploads\/2016\/06\/8384D378-C93E-42B6-BFD8-C3E80E40D82F-1.png\",\"contentUrl\":\"https:\/\/icnm.eu\/wp-content\/uploads\/2016\/06\/8384D378-C93E-42B6-BFD8-C3E80E40D82F-1.png\"},{\"@type\":\"BreadcrumbList\",\"@id\":\"https:\/\/icnm.eu\/fr\/2026-register-early-bird\/#breadcrumb\",\"itemListElement\":[{\"@type\":\"ListItem\",\"position\":1,\"name\":\"Home\",\"item\":\"https:\/\/icnm.eu\/fr\/\"},{\"@type\":\"ListItem\",\"position\":2,\"name\":\"2026 REGISTER NOW\"}]},{\"@type\":\"WebSite\",\"@id\":\"https:\/\/icnm.eu\/#website\",\"url\":\"https:\/\/icnm.eu\/\",\"name\":\"ICNM PARIS '25\",\"description\":\"Integrative & Naturopathic Medicine + Expo\",\"potentialAction\":[{\"@type\":\"SearchAction\",\"target\":{\"@type\":\"EntryPoint\",\"urlTemplate\":\"https:\/\/icnm.eu\/?s={search_term_string}\"},\"query-input\":{\"@type\":\"PropertyValueSpecification\",\"valueRequired\":true,\"valueName\":\"search_term_string\"}}],\"inLanguage\":\"fr-FR\"}]}<\/script>\n<!-- \/ Yoast SEO plugin. -->","yoast_head_json":{"title":"ICNM World Congress 2026 - ICNM World Congress 2026 - Integrative & Naturopathic Medicine Conference + Expo. Paris July 10-11[:]","description":"10th ICNM World Congress 2026 - Integrative & Naturopathic Medicine Conference + Expo. Paris July 10-11. Restoring Health Naturally, Join Us!","robots":{"index":"index","follow":"follow","max-snippet":"max-snippet:-1","max-image-preview":"max-image-preview:large","max-video-preview":"max-video-preview:-1"},"canonical":"https:\/\/icnm.eu\/fr\/2026-register-early-bird\/","og_locale":"fr_FR","og_type":"article","og_title":"[:en]ICNM World Congress 2026 - Integrative & Naturopathic Medicine Conference + Expo. Paris July 10-11[:fr]ICNM World Congress 2026 - Integrative & Naturopathic Medicine Conference + Expo. Paris July 10-11[:]","og_description":"[:en]ICNM World Congress 2026 - Integrative & Naturopathic Medicine Conference + Expo. Paris July 10-11. Restoring Health Naturally, Join Us![:fr]10th ICNM World Congress 2026 - Integrative & Naturopathic Medicine Conference + Expo. Paris July 10-11. Restoring Health Naturally, Join Us![:]","og_url":"https:\/\/icnm.eu\/fr\/2026-register-early-bird\/","og_site_name":"10th ICNM WORLD CONGRESS 2026","article_publisher":"https:\/\/www.facebook.com\/icnmnaturopathy.eu\/","article_modified_time":"2026-04-09T15:22:59+00:00","og_image":[{"url":"https:\/\/icnm.eu\/wp-content\/uploads\/2016\/06\/8384D378-C93E-42B6-BFD8-C3E80E40D82F-1.png","type":"","width":"","height":""}],"twitter_card":"summary_large_image","twitter_misc":{"Est. reading time":"1 minute"},"schema":{"@context":"https:\/\/schema.org","@graph":[{"@type":"WebPage","@id":"https:\/\/icnm.eu\/fr\/2026-register-early-bird\/","url":"https:\/\/icnm.eu\/fr\/2026-register-early-bird\/","name":"ICNM World Congress 2026 - Integrative & Naturopathic Medicine Conference + Expo. Paris July 10-11","isPartOf":{"@id":"https:\/\/icnm.eu\/#website"},"primaryImageOfPage":{"@id":"https:\/\/icnm.eu\/fr\/2026-register-early-bird\/#primaryimage"},"image":{"@id":"https:\/\/icnm.eu\/fr\/2026-register-early-bird\/#primaryimage"},"thumbnailUrl":"https:\/\/icnm.eu\/wp-content\/uploads\/2016\/06\/8384D378-C93E-42B6-BFD8-C3E80E40D82F-1.png","datePublished":"2016-06-15T07:50:49+00:00","dateModified":"2026-04-09T15:22:59+00:00","description":"10th ICNM World Congress 2026 - Integrative & Naturopathic Medicine Conference + Expo. Paris July 10-11. Restoring Health Naturally, Join Us!","breadcrumb":{"@id":"https:\/\/icnm.eu\/fr\/2026-register-early-bird\/#breadcrumb"},"inLanguage":"fr-FR","potentialAction":[{"@type":"ReadAction","target":["https:\/\/icnm.eu\/fr\/2026-register-early-bird\/"]}]},{"@type":"ImageObject","inLanguage":"fr-FR","@id":"https:\/\/icnm.eu\/fr\/2026-register-early-bird\/#primaryimage","url":"https:\/\/icnm.eu\/wp-content\/uploads\/2016\/06\/8384D378-C93E-42B6-BFD8-C3E80E40D82F-1.png","contentUrl":"https:\/\/icnm.eu\/wp-content\/uploads\/2016\/06\/8384D378-C93E-42B6-BFD8-C3E80E40D82F-1.png"},{"@type":"BreadcrumbList","@id":"https:\/\/icnm.eu\/fr\/2026-register-early-bird\/#breadcrumb","itemListElement":[{"@type":"ListItem","position":1,"name":"Home","item":"https:\/\/icnm.eu\/fr\/"},{"@type":"ListItem","position":2,"name":"2026 REGISTER NOW"}]},{"@type":"WebSite","@id":"https:\/\/icnm.eu\/#website","url":"https:\/\/icnm.eu\/","name":"ICNM PARIS '25","description":"Integrative & Naturopathic Medicine + Expo","potentialAction":[{"@type":"SearchAction","target":{"@type":"EntryPoint","urlTemplate":"https:\/\/icnm.eu\/?s={search_term_string}"},"query-input":{"@type":"PropertyValueSpecification","valueRequired":true,"valueName":"search_term_string"}}],"inLanguage":"fr-FR"}]}},"featured_image_src":null,"featured_image_src_square":null,"_links":{"self":[{"href":"https:\/\/icnm.eu\/fr\/wp-json\/wp\/v2\/pages\/2763","targetHints":{"allow":["GET"]}}],"collection":[{"href":"https:\/\/icnm.eu\/fr\/wp-json\/wp\/v2\/pages"}],"about":[{"href":"https:\/\/icnm.eu\/fr\/wp-json\/wp\/v2\/types\/page"}],"author":[{"embeddable":true,"href":"https:\/\/icnm.eu\/fr\/wp-json\/wp\/v2\/users\/7"}],"replies":[{"embeddable":true,"href":"https:\/\/icnm.eu\/fr\/wp-json\/wp\/v2\/comments?post=2763"}],"version-history":[{"count":0,"href":"https:\/\/icnm.eu\/fr\/wp-json\/wp\/v2\/pages\/2763\/revisions"}],"wp:attachment":[{"href":"https:\/\/icnm.eu\/fr\/wp-json\/wp\/v2\/media?parent=2763"}],"curies":[{"name":"wp","href":"https:\/\/api.w.org\/{rel}","templated":true}]}}